{"id":5427,"date":"2020-05-03T17:23:01","date_gmt":"2020-05-03T15:23:01","guid":{"rendered":"http:\/\/tkg-duisburg.de\/?page_id=5427"},"modified":"2020-05-03T17:23:01","modified_gmt":"2020-05-03T15:23:01","slug":"vielfalt-foerdern","status":"publish","type":"page","link":"https:\/\/tkg-duisburg.de\/?page_id=5427","title":{"rendered":"&#8222;Vielfalt F\u00f6rdern&#8220;"},"content":{"rendered":"\n<p>Zu Beginn des Schuljahres 2019\/20 stimmte nach einiger Vorarbeit, inklusive eines ganzen schulinternen Fortbildungstages, die Schulkonferenz der Theodor-K\u00f6nig-Gesamtschule f\u00fcr die Teilnahme an dem Fortbildungsprogramm \u201eVielfalt f\u00f6rdern\u201c. Damit hat unsere Schule einen gro\u00dfen Schritt dahin gemacht, sich weiter zu entwickeln und unseren Unterricht zu verbessern. Das Besondere an \u201eVielfalt f\u00f6rdern\u201c ist, dass dabei das Thema Heterogenit\u00e4t anders als in anderen Fortbildungsprogrammen angegangen wird.&nbsp;<\/p>\n\n\n\n<p>W\u00e4hrend die meisten Programme einen bestimmten Teilbereich (z.B. Inklusion, Deutsch als Zweitsprache, Begabtenf\u00f6rderung) in den Blick nehmen, so versucht \u201eVielfalt f\u00f6rdern\u201c den Blick auf die gesamte Klasse zu lenken. Dabei sollen die Chancen und Schwierigkeiten angegangen werden, die sich ergeben, wenn man Kinder mit unterschiedlicher Herkunft und verschiedenen St\u00e4rken und Schw\u00e4chen in der Klasse hat. Dabei ist auch wichtig, die Lage an unserer Schule genau zu betrachten. Wir haben in den letzten Jahren viele gute Methoden und Techniken erarbeitet, diese gilt es miteinander zu verbinden und sinnvoll zu erweitern. Wir wollen nicht alles neu machen, sondern Gutes bewahren und Neues erg\u00e4nzen, sodass wir eine noch bessere Schule werden.<\/p>\n\n\n\n<p><em>Modularer Aufbau \u2013 Schritt f\u00fcr Schritt zu einer besseren Schule werden<\/em><\/p>\n\n\n\n<p>\u201eVielfalt f\u00f6rdern\u201c ist in vier Module unterteilt, die \u00fcber zwei Schuljahre hinweg Schritt f\u00fcr Schritt erarbeitet werden. Daf\u00fcr stellt das Land NRW unserer Schule zus\u00e4tzliche Zeit f\u00fcr Fortbildungen zur Verf\u00fcgung.<\/p>\n\n\n\n<p>Im ersten Modul geht es um Teamentwicklung im Kollegium. Der erste Schritt war die Einrichtung von Jahrgangsteams, d.h. alle Klassenlehrer und Klassenlehrerinnen eines Jahrgangs treffen sich regelm\u00e4\u00dfig, um Absprachen zu treffen und sich auszutauschen. Zu Beginn des Schuljahres 2019\/20 haben wir mit der Arbeit in den Jahrgangsteams begonnen und viele Lehrerinnen und Lehrer empfinden dies als starke Entlastung ihrer Arbeit. Die Sch\u00fclerinnen und Sch\u00fcler haben jetzt deutlich mehr Ansprechpartner, denn fr\u00fcher musste alles der jeweilige Klassenlehrer oder die Klassenlehrerin regeln, aber jetzt gibt es gemeinsame Absprachen und jeder Lehrer aus dem Jahrgang kann den Sch\u00fclern weiterhelfen.&nbsp;<\/p>\n\n\n\n<p>Aktuell arbeiten wir an der Einf\u00fchrung von Kollegialen Unterrichtshospitationen, die es uns Lehrern erm\u00f6glichen, uns gegenseitig im Unterricht zu erleben. Die Projektsteuergruppe koordiniert die Hospitationstermine, damit der Unterrichtsausfall auf ein Minimum begrenzt wird. Aktuell ist der Projektschwerpunkt im siebten Jahrgang, aber die Methoden sollen schrittweise auf die ganze Schule ausgedehnt werden. Die gegenseitige Beobachtung im Unterricht gibt den Lehrern und Lehrerinnen die Grundlage f\u00fcr eine Diagnose und damit die M\u00f6glichkeit zur Verbesserung des Unterrichts.<\/p>\n\n\n\n<p>Im zweiten Modul steht dann die Diagnose im Vordergrund. Hier vertiefen wir, wie sich Unterrichtsqualit\u00e4t, Lernvoraussetzungen und Lernerfolg erfassen lassen. Dabei ist der Perspektivwechsel wichtig, der durch die Arbeit im Team erm\u00f6glicht wird. Eine systematische Diagnose, die Hypothesen entwickelt und \u00fcberpr\u00fcft, ist Grundlage f\u00fcr eine nachhaltige Unterrichtsentwicklung.<\/p>\n\n\n\n<div class=\"wp-block-image\"><figure class=\"alignright is-resized\"><img loading=\"lazy\" decoding=\"async\" src=\"https:\/\/tkg-duisburg.de\/wp-content\/uploads\/2020\/05\/Module-Vielfalt-f\u00f6rdern.jpg\" alt=\"\" class=\"wp-image-5428\" width=\"270\" height=\"268\"\/><\/figure><\/div>\n\n\n\n<p>Im dritten Modul stehen dann das Lernen und Lehren im Vordergrund. Hier soll mit Methoden des selbstgesteuerten Lernens und der Differenzierung von Aufgaben der Heterogenit\u00e4t unserer Lerngruppe begegnet werden, wobei Vielfalt hier eben nicht als Problem, sondern auch als Chance begriffen wird. Aufbauend auf der Diagnose aus dem zweiten Modul wird der Unterricht an die F\u00e4higkeiten der Sch\u00fclerinnen und Sch\u00fcler angepasst.<\/p>\n\n\n\n<p>Im vierten Modul wird dies vertieft, wobei hier der Schwerpunkt die Lerndokumentation und Leistungsbeurteilung ist. Gerade im Bereich der Leistungsbeurteilung geht es darum, den Blick \u00fcber die reine Benotung von Klassenarbeit hinaus zu erweitern. Dabei ist die Arbeit in Teams besonders wichtig, sodass gemeinsame Vereinbarungen getroffen werden, welche Sch\u00fclerleitungen zus\u00e4tzlich bewertet werden. Dies stellt sicher, dass es keine \u201eUngleichbehandlungen\u201c innerhalb eines Jahrgangs gibt und die Leistungsbewertung vergleichbar bleibt. Wichtiger Abschluss dieses Moduls und des ganzen Programms ist die F\u00f6rderung kooperativen Lernens.<\/p>\n\n\n\n<p><em>Projektsteuergruppe \u201eVielfalt f\u00f6rdern\u201c \u2013 Schulentwicklung nachhaltig machen<\/em><\/p>\n\n\n\n<p>Das ganze Projekt \u201eVielfalt f\u00f6rdern\u201c wird von einer vierk\u00f6pfigen Projektsteuergruppe begleitet, welche die Umsetzung an der Schule koordiniert und Ansprechpartner f\u00fcr die Moderatoren des Projekts ist. In regelm\u00e4\u00dfigen Treffen tauschen sich die Moderatoren mit der Projektsteuergruppe aus, um die Fortbildungen des Kollegiums vorzubereiten. So wird sichergestellt, dass die Fortbildung am Bedarf der Kolleginnen und Kollegen ausgerichtet ist.<\/p>\n\n\n\n<p>Die Projektsteuergruppe begleitet die Umsetzung der Ma\u00dfnahmen in der Schule und dient auch den Kolleginnen und Kollegen als Ansprechpartner. Anders als bei anderen Fortbildungsprogrammen gehen so gute Ideen im Alltag nicht verloren, sondern werden nachgehalten und evaluiert.<\/p>\n\n\n\n<p>Au\u00dferdem wird auch die Projektsteuergruppe mit individuellen Angeboten fortgebildet, sodass in systematischer Steuergruppenarbeit qualifiziert werden. Die dabei erworbenen Kompetenzen erm\u00f6glichen es, Schulentwicklung auch \u00fcber das Projekt \u201eVielfalt f\u00f6rdern\u201c hinaus zu betreiben.<br><\/p>\n","protected":false},"excerpt":{"rendered":"<p>Zu Beginn des Schuljahres 2019\/20 stimmte nach einiger Vorarbeit, inklusive eines ganzen schulinternen Fortbildungstages, die Schulkonferenz der Theodor-K\u00f6nig-Gesamtschule f\u00fcr die Teilnahme an dem Fortbildungsprogramm \u201eVielfalt f\u00f6rdern\u201c. Damit hat unsere Schule einen gro\u00dfen Schritt dahin gemacht, sich weiter zu entwickeln und unseren Unterricht zu verbessern. Das Besondere an \u201eVielfalt f\u00f6rdern\u201c ist, dass dabei das Thema Heterogenit\u00e4t &hellip; <a href=\"https:\/\/tkg-duisburg.de\/?page_id=5427\" class=\"more-link\"><span class=\"screen-reader-text\">&#8222;Vielfalt F\u00f6rdern&#8220;<\/span> weiterlesen <span class=\"meta-nav\">&rarr;<\/span><\/a><\/p>\n","protected":false},"author":5,"featured_media":0,"parent":0,"menu_order":0,"comment_status":"closed","ping_status":"closed","template":"","meta":{"footnotes":""},"class_list":["post-5427","page","type-page","status-publish","hentry"],"yoast_head":"<!-- This site is optimized with the Yoast SEO plugin v22.6 - https:\/\/yoast.com\/wordpress\/plugins\/seo\/ -->\n<title>&quot;Vielfalt F\u00f6rdern&quot; - Theodor K\u00f6nig Gesamtschule Duisburg<\/title>\n<meta name=\"robots\" content=\"index, follow, max-snippet:-1, max-image-preview:large, max-video-preview:-1\" \/>\n<link rel=\"canonical\" href=\"https:\/\/tkg-duisburg.de\/?page_id=5427\" \/>\n<meta property=\"og:locale\" content=\"de_DE\" \/>\n<meta property=\"og:type\" content=\"article\" \/>\n<meta property=\"og:title\" content=\"&quot;Vielfalt F\u00f6rdern&quot; - Theodor K\u00f6nig Gesamtschule Duisburg\" \/>\n<meta property=\"og:description\" content=\"Zu Beginn des Schuljahres 2019\/20 stimmte nach einiger Vorarbeit, inklusive eines ganzen schulinternen Fortbildungstages, die Schulkonferenz der Theodor-K\u00f6nig-Gesamtschule f\u00fcr die Teilnahme an dem Fortbildungsprogramm \u201eVielfalt f\u00f6rdern\u201c. Damit hat unsere Schule einen gro\u00dfen Schritt dahin gemacht, sich weiter zu entwickeln und unseren Unterricht zu verbessern. Das Besondere an \u201eVielfalt f\u00f6rdern\u201c ist, dass dabei das Thema Heterogenit\u00e4t &hellip; &#8222;Vielfalt F\u00f6rdern&#8220; weiterlesen &rarr;\" \/>\n<meta property=\"og:url\" content=\"https:\/\/tkg-duisburg.de\/?page_id=5427\" \/>\n<meta property=\"og:site_name\" content=\"Theodor K\u00f6nig Gesamtschule Duisburg\" \/>\n<meta name=\"twitter:card\" content=\"summary_large_image\" \/>\n<meta name=\"twitter:label1\" content=\"Gesch\u00e4tzte Lesezeit\" \/>\n\t<meta name=\"twitter:data1\" content=\"4\u00a0Minuten\" \/>\n<script type=\"application\/ld+json\" class=\"yoast-schema-graph\">{\"@context\":\"https:\/\/schema.org\",\"@graph\":[{\"@type\":\"WebPage\",\"@id\":\"https:\/\/tkg-duisburg.de\/?page_id=5427\",\"url\":\"https:\/\/tkg-duisburg.de\/?page_id=5427\",\"name\":\"\\\"Vielfalt F\u00f6rdern\\\" - Theodor K\u00f6nig Gesamtschule Duisburg\",\"isPartOf\":{\"@id\":\"https:\/\/tkg-duisburg.de\/#website\"},\"datePublished\":\"2020-05-03T15:23:01+00:00\",\"dateModified\":\"2020-05-03T15:23:01+00:00\",\"breadcrumb\":{\"@id\":\"https:\/\/tkg-duisburg.de\/?page_id=5427#breadcrumb\"},\"inLanguage\":\"de\",\"potentialAction\":[{\"@type\":\"ReadAction\",\"target\":[\"https:\/\/tkg-duisburg.de\/?page_id=5427\"]}]},{\"@type\":\"BreadcrumbList\",\"@id\":\"https:\/\/tkg-duisburg.de\/?page_id=5427#breadcrumb\",\"itemListElement\":[{\"@type\":\"ListItem\",\"position\":1,\"name\":\"Startseite\",\"item\":\"https:\/\/tkg-duisburg.de\/\"},{\"@type\":\"ListItem\",\"position\":2,\"name\":\"&#8222;Vielfalt F\u00f6rdern&#8220;\"}]},{\"@type\":\"WebSite\",\"@id\":\"https:\/\/tkg-duisburg.de\/#website\",\"url\":\"https:\/\/tkg-duisburg.de\/\",\"name\":\"Theodor K\u00f6nig Gesamtschule Duisburg\",\"description\":\"\",\"potentialAction\":[{\"@type\":\"SearchAction\",\"target\":{\"@type\":\"EntryPoint\",\"urlTemplate\":\"https:\/\/tkg-duisburg.de\/?s={search_term_string}\"},\"query-input\":\"required name=search_term_string\"}],\"inLanguage\":\"de\"}]}<\/script>\n<!-- \/ Yoast SEO plugin. -->","yoast_head_json":{"title":"\"Vielfalt F\u00f6rdern\" - Theodor K\u00f6nig Gesamtschule Duisburg","robots":{"index":"index","follow":"follow","max-snippet":"max-snippet:-1","max-image-preview":"max-image-preview:large","max-video-preview":"max-video-preview:-1"},"canonical":"https:\/\/tkg-duisburg.de\/?page_id=5427","og_locale":"de_DE","og_type":"article","og_title":"\"Vielfalt F\u00f6rdern\" - Theodor K\u00f6nig Gesamtschule Duisburg","og_description":"Zu Beginn des Schuljahres 2019\/20 stimmte nach einiger Vorarbeit, inklusive eines ganzen schulinternen Fortbildungstages, die Schulkonferenz der Theodor-K\u00f6nig-Gesamtschule f\u00fcr die Teilnahme an dem Fortbildungsprogramm \u201eVielfalt f\u00f6rdern\u201c. Damit hat unsere Schule einen gro\u00dfen Schritt dahin gemacht, sich weiter zu entwickeln und unseren Unterricht zu verbessern. Das Besondere an \u201eVielfalt f\u00f6rdern\u201c ist, dass dabei das Thema Heterogenit\u00e4t &hellip; &#8222;Vielfalt F\u00f6rdern&#8220; weiterlesen &rarr;","og_url":"https:\/\/tkg-duisburg.de\/?page_id=5427","og_site_name":"Theodor K\u00f6nig Gesamtschule Duisburg","twitter_card":"summary_large_image","twitter_misc":{"Gesch\u00e4tzte Lesezeit":"4\u00a0Minuten"},"schema":{"@context":"https:\/\/schema.org","@graph":[{"@type":"WebPage","@id":"https:\/\/tkg-duisburg.de\/?page_id=5427","url":"https:\/\/tkg-duisburg.de\/?page_id=5427","name":"\"Vielfalt F\u00f6rdern\" - Theodor K\u00f6nig Gesamtschule Duisburg","isPartOf":{"@id":"https:\/\/tkg-duisburg.de\/#website"},"datePublished":"2020-05-03T15:23:01+00:00","dateModified":"2020-05-03T15:23:01+00:00","breadcrumb":{"@id":"https:\/\/tkg-duisburg.de\/?page_id=5427#breadcrumb"},"inLanguage":"de","potentialAction":[{"@type":"ReadAction","target":["https:\/\/tkg-duisburg.de\/?page_id=5427"]}]},{"@type":"BreadcrumbList","@id":"https:\/\/tkg-duisburg.de\/?page_id=5427#breadcrumb","itemListElement":[{"@type":"ListItem","position":1,"name":"Startseite","item":"https:\/\/tkg-duisburg.de\/"},{"@type":"ListItem","position":2,"name":"&#8222;Vielfalt F\u00f6rdern&#8220;"}]},{"@type":"WebSite","@id":"https:\/\/tkg-duisburg.de\/#website","url":"https:\/\/tkg-duisburg.de\/","name":"Theodor K\u00f6nig Gesamtschule Duisburg","description":"","potentialAction":[{"@type":"SearchAction","target":{"@type":"EntryPoint","urlTemplate":"https:\/\/tkg-duisburg.de\/?s={search_term_string}"},"query-input":"required name=search_term_string"}],"inLanguage":"de"}]}},"_links":{"self":[{"href":"https:\/\/tkg-duisburg.de\/index.php?rest_route=\/wp\/v2\/pages\/5427","targetHints":{"allow":["GET"]}}],"collection":[{"href":"https:\/\/tkg-duisburg.de\/index.php?rest_route=\/wp\/v2\/pages"}],"about":[{"href":"https:\/\/tkg-duisburg.de\/index.php?rest_route=\/wp\/v2\/types\/page"}],"author":[{"embeddable":true,"href":"https:\/\/tkg-duisburg.de\/index.php?rest_route=\/wp\/v2\/users\/5"}],"replies":[{"embeddable":true,"href":"https:\/\/tkg-duisburg.de\/index.php?rest_route=%2Fwp%2Fv2%2Fcomments&post=5427"}],"version-history":[{"count":1,"href":"https:\/\/tkg-duisburg.de\/index.php?rest_route=\/wp\/v2\/pages\/5427\/revisions"}],"predecessor-version":[{"id":5430,"href":"https:\/\/tkg-duisburg.de\/index.php?rest_route=\/wp\/v2\/pages\/5427\/revisions\/5430"}],"wp:attachment":[{"href":"https:\/\/tkg-duisburg.de\/index.php?rest_route=%2Fwp%2Fv2%2Fmedia&parent=5427"}],"curies":[{"name":"wp","href":"https:\/\/api.w.org\/{rel}","templated":true}]}}