{"id":6033,"date":"2020-11-15T19:25:33","date_gmt":"2020-11-15T17:25:33","guid":{"rendered":"http:\/\/tkg-duisburg.de\/?page_id=6033"},"modified":"2024-05-05T10:26:53","modified_gmt":"2024-05-05T08:26:53","slug":"unsere-ehemaligen","status":"publish","type":"page","link":"https:\/\/tkg-duisburg.de\/?page_id=6033","title":{"rendered":"Unsere Ehemaligen"},"content":{"rendered":"<div class=\"wp-block-image\">\n<figure class=\"aligncenter size-full is-resized\"><img loading=\"lazy\" decoding=\"async\" width=\"1788\" height=\"2459\" src=\"https:\/\/tkg-duisburg.de\/wp-content\/uploads\/2021\/09\/aufruftkg-1.jpg\" alt=\"\" class=\"wp-image-6495\" style=\"width:441px;height:606px\" srcset=\"https:\/\/tkg-duisburg.de\/wp-content\/uploads\/2021\/09\/aufruftkg-1.jpg 1788w, https:\/\/tkg-duisburg.de\/wp-content\/uploads\/2021\/09\/aufruftkg-1-218x300.jpg 218w, https:\/\/tkg-duisburg.de\/wp-content\/uploads\/2021\/09\/aufruftkg-1-745x1024.jpg 745w, https:\/\/tkg-duisburg.de\/wp-content\/uploads\/2021\/09\/aufruftkg-1-1117x1536.jpg 1117w, https:\/\/tkg-duisburg.de\/wp-content\/uploads\/2021\/09\/aufruftkg-1-1489x2048.jpg 1489w\" sizes=\"auto, (max-width: 1788px) 100vw, 1788px\" \/><\/figure>\n<\/div>\n\n\n<hr class=\"wp-block-separator has-alpha-channel-opacity\"\/>\n\n\n\n<p>\u00a0<strong>Tugay Eskiler und Ferhat Kara (Abiturjahrgang 2012)\u00a0<\/strong><\/p>\n\n\n\n<p>\u00a0Liebe Frau Hiller-Kitzmann,\u00a0<\/p>\n\n\n\n<p>\u00a0nach unserem Abitur haben wir \u2013 Tugay und ich \u2013 uns entschieden gemeinsam ein Lehramtsstudium an der Uni Bochum zu beginnen: Tugay mit der F\u00e4cherkombination Philosophie\/Geschichte und ich mit Spanisch\/Philosophie. Nach einer langen universit\u00e4ren Phase ging es f\u00fcr mich mit dem Referendariat im Seminar M\u00f6nchengladbach weiter. Tugay war schon lange vor mir fertig und bekam eine Festanstellung an einer Gesamtschule. Das Referendariat war f\u00fcr mich eine sehr anspruchsvolle Zeit, vielleicht sogar die anspruchsvollste Zeit meines Lebens. Aber wie Sie ja wissen, \u201eTKG-Lehrlinge\u201c geben niemals auf. Dank meines ehemaligen Schulkameraden und heutigen Fachkollegen Tugay, der mich w\u00e4hrend des Referendariats immer begleitete und bei allen Lehrproben unterst\u00fctzte, habe ich es nun geschafft. Seit April 2024 habe ich das zweite Staatsexamen in der Tasche.\u00a0<\/p>\n\n\n<div class=\"wp-block-image\">\n<figure class=\"alignleft size-full is-resized\"><img loading=\"lazy\" decoding=\"async\" width=\"556\" height=\"740\" src=\"https:\/\/tkg-duisburg.de\/wp-content\/uploads\/2024\/05\/image-5.png\" alt=\"\" class=\"wp-image-8292\" style=\"width:178px;height:auto\" srcset=\"https:\/\/tkg-duisburg.de\/wp-content\/uploads\/2024\/05\/image-5.png 556w, https:\/\/tkg-duisburg.de\/wp-content\/uploads\/2024\/05\/image-5-225x300.png 225w, https:\/\/tkg-duisburg.de\/wp-content\/uploads\/2024\/05\/image-5-150x200.png 150w\" sizes=\"auto, (max-width: 556px) 100vw, 556px\" \/><\/figure>\n<\/div>\n\n\n<p>Aktuell arbeite ich als Vertretungslehrer an einer Grundschule im Kreis Viersen und habe dort die Klassenleitung der 4b \u00fcbernommen.&nbsp;<\/p>\n\n\n\n<p>Bis zu den Sommerferien bleibe ich erstmal dort und bin gespannt, wohin mich danach das Leben weht. Unsere Schulzeit an der TKG ist eine wundersch\u00f6ne Erinnerung, die in uns weiterlebt und die mit allen H\u00f6hen, Tiefen und allen einzigartigen Momenten auch ewig Teil unserer Lebensgeschichte sein wird. Sie waren immer f\u00fcr uns da und daf\u00fcr danken wir Ihnen und dem Kollegium der TKG sehr, liebe Frau Hiller-Kitzmann! Ganz liebe Gr\u00fc\u00dfe (auch von Tugay) und bleiben Sie immer gesund. Ferhat Kara &amp; Tugay Eskiler&nbsp;<\/p>\n\n\n\n<p>(Ver\u00f6ffentlichung durch C. Hiller-Kitzmann, Abteilungsleiterin Oberstufe)&nbsp;<\/p>\n\n\n\n<hr class=\"wp-block-separator has-alpha-channel-opacity\"\/>\n\n\n\n<p><strong>Aylin Tastan (Abiturjahrgang 2016)<\/strong><\/p>\n\n\n\n<p>Hallo Frau Hiller,&nbsp;<\/p>\n\n\n\n<p>meine Bindung zur Theodor-K\u00f6nig-Gesamtschule brach nach meinem Abitur 2016 nicht ab, denn ich habe immer noch Kontakt zu einigen Lehrern:innen und besuche die Schule regelm\u00e4\u00dfig beim Ehemaligentreffen oder am Tag der offenen T\u00fcr. Umso sch\u00f6ner ist es zu sehen, wie sich die Schule und die Lehrer:innen entwickelt haben. Ich habe zwei meiner Geschwister als Nachfolger geschickt, damit die Reihe der flei\u00dfigen und vorbildlichen Sch\u00fcler fortbesteht.&nbsp;<\/p>\n\n\n<div class=\"wp-block-image\">\n<figure class=\"alignleft size-full is-resized\"><img loading=\"lazy\" decoding=\"async\" width=\"480\" height=\"480\" src=\"https:\/\/tkg-duisburg.de\/wp-content\/uploads\/2023\/02\/image-1.png\" alt=\"\" class=\"wp-image-7639\" style=\"width:273px;height:273px\" srcset=\"https:\/\/tkg-duisburg.de\/wp-content\/uploads\/2023\/02\/image-1.png 480w, https:\/\/tkg-duisburg.de\/wp-content\/uploads\/2023\/02\/image-1-300x300.png 300w\" sizes=\"auto, (max-width: 480px) 100vw, 480px\" \/><\/figure>\n<\/div>\n\n\n<p>Mein Weg f\u00fchrte mich nach dem Abitur direkt ins Studium. Ich habe Internationales Wirtschaftsrecht studiert und 2021 meinen Bachelor of Laws gemacht. Danach war nicht Schluss, denn ich bin in das Masterstudium eingestiegen und auch dieses neigt sich langsam dem Ende zu. Auch wenn meine Schwerpunkte &#8211; Steuern und Finanzen \u2013 dem ein oder anderen eher trocken erscheinen mag, begeistere ich mich immer mehr f\u00fcr diesen Bereich. Seit mehreren Jahren arbeite ich in einem internationalen Energiekonzern und bin dort als Werkstudentin t\u00e4tig.&nbsp;<\/p>\n\n\n\n<p>Nebenbei bin ich ehrenamtlich t\u00e4tig und betreue junge Sch\u00fcler:innen bei der Berufsorientierung. Die Arbeit mit Sch\u00fclern:innen aus der Unterstufe macht Spa\u00df, weil die junge Perspektive auch f\u00fcr mich inspirierend ist und einen anderen Blickwinkel auf vermeintlich komplizierte Sachlagen mit sich bringt.&nbsp;<\/p>\n\n\n\n<p>Ich freue mich auf das n\u00e4chste Ehemaligentreffen.&nbsp;<\/p>\n\n\n\n<p>Liebe Gr\u00fc\u00dfe&nbsp;<\/p>\n\n\n\n<p>Aylin Tastan&nbsp;<\/p>\n\n\n\n<hr class=\"wp-block-separator has-alpha-channel-opacity\"\/>\n\n\n\n<p>&nbsp;<\/p>\n\n\n\n<p><strong>B\u00fclent Koca (Abiturjahrgang 2017)&nbsp;<\/strong><\/p>\n\n\n\n<p>Hallo Frau Hiller-Kitzmann,&nbsp;<\/p>\n\n\n<div class=\"wp-block-image\">\n<figure class=\"alignleft size-full is-resized\"><img loading=\"lazy\" decoding=\"async\" width=\"564\" height=\"799\" src=\"https:\/\/tkg-duisburg.de\/wp-content\/uploads\/2023\/01\/image-10.png\" alt=\"\" class=\"wp-image-7592\" style=\"width:260px;height:368px\" srcset=\"https:\/\/tkg-duisburg.de\/wp-content\/uploads\/2023\/01\/image-10.png 564w, https:\/\/tkg-duisburg.de\/wp-content\/uploads\/2023\/01\/image-10-212x300.png 212w\" sizes=\"auto, (max-width: 564px) 100vw, 564px\" \/><\/figure>\n<\/div>\n\n\n<p>gerne erinnere ich mich an meine Zeit an der TKG und kann Ihnen nur f\u00fcr diese Zeit danken, denn es war eine sch\u00f6ne und lustige Zeit.&nbsp;<\/p>\n\n\n\n<p>Auch wenn Sie oft mit mir zu k\u00e4mpfen hatten, hat es am Ende mit dem Abi doch geklappt.&nbsp;<\/p>\n\n\n\n<p>Nach dem Abi ging es f\u00fcr mich erst mal in eine kaufm\u00e4nnische Ausbildung als Automobilkaufmann bei Mercedes Benz, denn das war mein Traumberuf.&nbsp;<\/p>\n\n\n\n<p>Das war spannend, aber wie ich merk-te, nicht wirklich mein Ding und darum habe ich mich in meinem zweiten Aus-bildungsjahr um eine neue Ausbil-dungsstelle in einem anderem Bereich, in dem ich \u201ceher anpacken muss\u201c, beworben.&nbsp;<\/p>\n\n\n\n<p>Mittlerweile habe ich meinen zweiten \u201eAusbildungsversuch\u201c erfolgreich ab-geschlossen, liebe das Anpacken und die k\u00f6rperlichen Herausforderungen einer technischen Ausbildung und bin als Verfahrenstechniker bei TKS Europe AG besch\u00e4ftigt und dort sehr engagiert.&nbsp;<\/p>\n\n\n\n<p>Ich danke Ihnen und der TKG, dass Sie mich immer tatkr\u00e4ftig unterst\u00fctzt haben und mich zu einem verantwortungsbewussteren Menschen ge-formt haben.&nbsp;<\/p>\n\n\n\n<p>Bleiben Sie so wie Sie sind und vor allem gesund.&nbsp;<\/p>\n\n\n\n<p>B\u00fclent Koca&nbsp;<\/p>\n\n\n\n<p>(Ver\u00f6ffentlichung genehmigt; C. Hiller-Kitzmann, Abteilungsleiterin Oberstufe)&nbsp;<\/p>\n\n\n\n<hr class=\"wp-block-separator has-alpha-channel-opacity\"\/>\n\n\n\n<p><strong>Alena Alici (Abschlussjahrgang 2021)&nbsp;<\/strong><\/p>\n\n\n\n<p>&nbsp;Guten Abend Frau Hiller,&nbsp;<\/p>\n\n\n<div class=\"wp-block-image\">\n<figure class=\"alignright size-large is-resized\"><img loading=\"lazy\" decoding=\"async\" width=\"684\" height=\"1024\" src=\"https:\/\/tkg-duisburg.de\/wp-content\/uploads\/2022\/12\/image-2-684x1024.png\" alt=\"\" class=\"wp-image-7544\" style=\"width:239px;height:358px\" srcset=\"https:\/\/tkg-duisburg.de\/wp-content\/uploads\/2022\/12\/image-2-684x1024.png 684w, https:\/\/tkg-duisburg.de\/wp-content\/uploads\/2022\/12\/image-2-200x300.png 200w, https:\/\/tkg-duisburg.de\/wp-content\/uploads\/2022\/12\/image-2.png 818w\" sizes=\"auto, (max-width: 684px) 100vw, 684px\" \/><\/figure>\n<\/div>\n\n\n<p>aus gesundheitlichen Gr\u00fcnden musste ich zun\u00e4chst ein Jahr pausieren.&nbsp;<\/p>\n\n\n\n<p>Um Abstand zur Schule zu ge-winnen, meine innere Ruhe und Gesundheit zu bewahren und meinen zuk\u00fcnftigen Weg zu finden, habe ich mich entschlossen, zun\u00e4chst den Bundesfreiwilligendienst zu absolvieren.&nbsp;<\/p>\n\n\n\n<p>Seit dem 01.08.22 bin ich nun im Rahmen meines BFD in einer heilp\u00e4dagogischen Tagesgruppe des Deutschen Roten Kreuzes in Duisburg-Beeck t\u00e4tig. Ich wollte mich damit selbst testen und er-fahren, ob ich mit Kindern umgehen kann und ob der Beruf zu mir passt.&nbsp;<\/p>\n\n\n\n<p>Jetzt bin ich mir sicher und m\u00f6chte im August 2023 eine PiA-Ausbildung beginnen. In Zukunft m\u00f6chte ich als Erzieherin arbeiten, denn die Arbeit mit Kindern macht mir sehr viel Spa\u00df und ich m\u00f6chte f\u00fcr Kinder etwas N\u00fctzliches machen.&nbsp;<\/p>\n\n\n\n<p>Aktuell schreibe ich Bewerbungen und werde berichten, wie es mit mir weiter geht.&nbsp;<\/p>\n\n\n\n<p>Mit lieben Gr\u00fc\u00dfen&nbsp;<\/p>\n\n\n\n<p>ihre ehemalige Sch\u00fclerin&nbsp;<\/p>\n\n\n\n<p>Alena ALICI&nbsp;<\/p>\n\n\n\n<hr class=\"wp-block-separator has-css-opacity\"\/>\n\n\n\n<p><strong>&nbsp;Luthan Magat (Abiturjahrgang 2016)&nbsp;<\/strong><\/p>\n\n\n<div class=\"wp-block-image\">\n<figure class=\"alignright size-medium is-resized\"><img loading=\"lazy\" decoding=\"async\" width=\"300\" height=\"300\" src=\"https:\/\/tkg-duisburg.de\/wp-content\/uploads\/2021\/09\/image-4-300x300.png\" alt=\"\" class=\"wp-image-6497\" style=\"width:174px;height:174px\" srcset=\"https:\/\/tkg-duisburg.de\/wp-content\/uploads\/2021\/09\/image-4-300x300.png 300w, https:\/\/tkg-duisburg.de\/wp-content\/uploads\/2021\/09\/image-4.png 654w\" sizes=\"auto, (max-width: 300px) 100vw, 300px\" \/><figcaption class=\"wp-element-caption\"> <\/figcaption><\/figure>\n<\/div>\n\n\n<p>Nach meinem Abitur 2016 habe ich an der Hochschule Ruhr West in M\u00fclheim mein Studium im Bereich E-Commerce (B.Sc.) mit dem Schwerpunkt Marketing &amp; Programmierung begonnen.&nbsp;<\/p>\n\n\n\n<p>Neben dem Studium habe ich im Jahr 2018 mein eigenes Unternehmen &#8211; PARKLAB Technologie GmbH- aufgebaut, das sich mit der Entwicklung und Forschung zur Parkplatz-Sensorik besch\u00e4ftigt. Mein Team (mittlerweile 14 Mitarbeiter) und unser junges Start Up-Unternehmen bietet heute individuelle Software- und Hardware-l\u00f6sungen rund um die Parkplatzproblematik an, mehr dazu unter www.parklab.app.&nbsp;<\/p>\n\n\n\n<p>Ich bedanke mich bei der TKG f\u00fcr seine lehrreiche und praxisnahe Unterst\u00fctzung!&nbsp;<\/p>\n\n\n\n<p><em>(\u201eDie App werde ich bei meinem n\u00e4chsten Besuch in Duisburg oder wo auch immer mal ausprobieren, Luthan\u201c&nbsp;<\/em><\/p>\n\n\n\n<p>&#8211; <em>Ihre ehemalige Abteilungsleiterin)&nbsp;<\/em><\/p>\n\n\n\n<hr class=\"wp-block-separator has-css-opacity\"\/>\n\n\n\n<p>&nbsp;<strong>Tugce Celik (Abschlussjahrgang 2021)&nbsp;<\/strong><\/p>\n\n\n<div class=\"wp-block-image\">\n<figure class=\"aligncenter size-full is-resized\"><img loading=\"lazy\" decoding=\"async\" width=\"1536\" height=\"2048\" src=\"https:\/\/tkg-duisburg.de\/wp-content\/uploads\/2021\/09\/IMG-20210831-WA0018-1.jpg\" alt=\"\" class=\"wp-image-6484\" style=\"width:140px;height:187px\" srcset=\"https:\/\/tkg-duisburg.de\/wp-content\/uploads\/2021\/09\/IMG-20210831-WA0018-1.jpg 1536w, https:\/\/tkg-duisburg.de\/wp-content\/uploads\/2021\/09\/IMG-20210831-WA0018-1-225x300.jpg 225w, https:\/\/tkg-duisburg.de\/wp-content\/uploads\/2021\/09\/IMG-20210831-WA0018-1-768x1024.jpg 768w, https:\/\/tkg-duisburg.de\/wp-content\/uploads\/2021\/09\/IMG-20210831-WA0018-1-150x200.jpg 150w, https:\/\/tkg-duisburg.de\/wp-content\/uploads\/2021\/09\/IMG-20210831-WA0018-1-1152x1536.jpg 1152w\" sizes=\"auto, (max-width: 1536px) 100vw, 1536px\" \/><\/figure>\n<\/div>\n\n\n<p>Hallo zusammen,&nbsp;<\/p>\n\n\n<div class=\"wp-block-image\">\n<figure class=\"alignleft size-full is-resized\"><img loading=\"lazy\" decoding=\"async\" width=\"1152\" height=\"2048\" src=\"https:\/\/tkg-duisburg.de\/wp-content\/uploads\/2021\/09\/IMG-20210831-WA0017.jpg\" alt=\"\" class=\"wp-image-6483\" style=\"width:184px;height:327px\" srcset=\"https:\/\/tkg-duisburg.de\/wp-content\/uploads\/2021\/09\/IMG-20210831-WA0017.jpg 1152w, https:\/\/tkg-duisburg.de\/wp-content\/uploads\/2021\/09\/IMG-20210831-WA0017-169x300.jpg 169w, https:\/\/tkg-duisburg.de\/wp-content\/uploads\/2021\/09\/IMG-20210831-WA0017-576x1024.jpg 576w, https:\/\/tkg-duisburg.de\/wp-content\/uploads\/2021\/09\/IMG-20210831-WA0017-864x1536.jpg 864w\" sizes=\"auto, (max-width: 1152px) 100vw, 1152px\" \/><\/figure>\n<\/div>\n\n\n<p>ich bin Tugce und vielleicht erinnern sich noch einige an mich. Nach einer langen und schwierigen Zeit habe ich die Schule erfolgreich mit dem FHR 12 beendet.&nbsp;<\/p>\n\n\n\n<p>Ich war der Meinung, mir nach der Schule erst mal eine Auszeit vom Lernen zu nehmen und nicht gleich eine Ausbildung oder Studium zu beginnen.&nbsp;<\/p>\n\n\n\n<p>Zurzeit mache ich daher ein FSJ bei den Johannitern als Rettungshelferin im Bereich Hausnotruf und bin mehr als begeistert!!!&nbsp;<\/p>\n\n\n\n<p>Falls Ihr auch nicht wisst, wie es nach der 13 weitergehen soll oder erst mal eine Pause braucht, dann kann ich diese Art des FSJ\u2018s nur empfehlen.&nbsp;<\/p>\n\n\n\n<p>Bleibt gesund!&nbsp;<\/p>\n\n\n\n<hr class=\"wp-block-separator has-css-opacity\"\/>\n\n\n\n<p><strong>Eda Cuvadar (Abiturjahrgang 2020)<\/strong><\/p>\n\n\n<div class=\"wp-block-image\">\n<figure class=\"aligncenter size-large is-resized\"><img loading=\"lazy\" decoding=\"async\" width=\"1024\" height=\"413\" src=\"https:\/\/tkg-duisburg.de\/wp-content\/uploads\/2020\/12\/F046AB42-66D1-407B-B1E8-C8AAFF405935-1024x413.jpeg\" alt=\"\" class=\"wp-image-6066\" style=\"width:528px;height:213px\" srcset=\"https:\/\/tkg-duisburg.de\/wp-content\/uploads\/2020\/12\/F046AB42-66D1-407B-B1E8-C8AAFF405935-1024x413.jpeg 1024w, https:\/\/tkg-duisburg.de\/wp-content\/uploads\/2020\/12\/F046AB42-66D1-407B-B1E8-C8AAFF405935-300x121.jpeg 300w, https:\/\/tkg-duisburg.de\/wp-content\/uploads\/2020\/12\/F046AB42-66D1-407B-B1E8-C8AAFF405935-1536x619.jpeg 1536w, https:\/\/tkg-duisburg.de\/wp-content\/uploads\/2020\/12\/F046AB42-66D1-407B-B1E8-C8AAFF405935.jpeg 1704w\" sizes=\"auto, (max-width: 1024px) 100vw, 1024px\" \/><\/figure>\n<\/div>\n\n\n<p>\u201eK\u00f6nnen sie sich noch an ihre erste Klasse erinnern?\u201c \u2013 konnte ich, damals war ich noch an der Gesamtschule Emschertal t\u00e4tig und Edas Mutter war meine Sch\u00fclerin.<br>Augen\u00e4rztin oder Jura?\u201c, wohin solle es nach dem Abi gehen, das war f\u00fcr Eda in den vergangenen drei Oberstufenjahren immer eine wichtige Frage. Talentscouting und die Teilnahme am Stipendienprogramm Ruhrtalente halfen bei der Entscheidungsfindung.<br>Den Start in das duale Studium zur Rechtspflegerin hat sich Eda sicher anders vorgestellt.<br>\u201eBad M\u00fcnstereifel musste ich aufgrund der steigenden Coronazahlen nach zwei Wochen schon wieder verlassen. Seitdem habe ich Onlineunterricht. Dieser f\u00e4llt mir jedoch ziemlich schwer, da das Fragen stellen und Nachhaken um einiges schwieriger ist.  <br>Das duale Studium macht mir jedoch trotzdem Megaspass und ich bereue die Entscheidung nicht (wobei mir die Schule trotzdem lieber war). Mir ist auch aufgefallen, wie viel man jetzt mehrlernen muss.\u201c<br>Ich bin zuversichtlich, dass Eda trotz des ungew\u00f6hnlichen Starts das duale Studium erfolgreich bew\u00e4ltigt.<\/p>\n\n\n<div class=\"wp-block-image\">\n<figure class=\"aligncenter size-large is-resized\"><img loading=\"lazy\" decoding=\"async\" width=\"768\" height=\"1024\" src=\"https:\/\/tkg-duisburg.de\/wp-content\/uploads\/2020\/12\/0DBCA0B1-7CC5-4C86-8D8D-BB1302E07067-768x1024.jpeg\" alt=\"\" class=\"wp-image-6068\" style=\"width:309px;height:412px\" srcset=\"https:\/\/tkg-duisburg.de\/wp-content\/uploads\/2020\/12\/0DBCA0B1-7CC5-4C86-8D8D-BB1302E07067-768x1024.jpeg 768w, https:\/\/tkg-duisburg.de\/wp-content\/uploads\/2020\/12\/0DBCA0B1-7CC5-4C86-8D8D-BB1302E07067-225x300.jpeg 225w, https:\/\/tkg-duisburg.de\/wp-content\/uploads\/2020\/12\/0DBCA0B1-7CC5-4C86-8D8D-BB1302E07067-150x200.jpeg 150w, https:\/\/tkg-duisburg.de\/wp-content\/uploads\/2020\/12\/0DBCA0B1-7CC5-4C86-8D8D-BB1302E07067.jpeg 1104w\" sizes=\"auto, (max-width: 768px) 100vw, 768px\" \/><\/figure>\n<\/div>\n\n\n<p><br><em>C. Hiller-Kitzmann, Abteilungsleiterin Oberstufe<\/em><\/p>\n\n\n\n<hr class=\"wp-block-separator has-css-opacity\"\/>\n\n\n\n<p><br><strong>Noori Mujeeb (Abiturjahrgang 2009)<\/strong><\/p>\n\n\n<div class=\"wp-block-image\">\n<figure class=\"aligncenter size-large is-resized\"><img loading=\"lazy\" decoding=\"async\" width=\"360\" height=\"640\" src=\"https:\/\/tkg-duisburg.de\/wp-content\/uploads\/2020\/12\/IMG_5999.png\" alt=\"\" class=\"wp-image-6055\" style=\"width:247px;height:438px\" srcset=\"https:\/\/tkg-duisburg.de\/wp-content\/uploads\/2020\/12\/IMG_5999.png 360w, https:\/\/tkg-duisburg.de\/wp-content\/uploads\/2020\/12\/IMG_5999-169x300.png 169w\" sizes=\"auto, (max-width: 360px) 100vw, 360px\" \/><\/figure>\n<\/div>\n\n\n<p>Liebe Frau Hiller-Kitzmann,elf Jahre sind vergangen und ich erinnere mich gerne an die tolle Schulzeit zur\u00fcck. Herzlichen Dank f\u00fcr die starke F\u00f6rderung und liebevolle Unterst\u00fctzung w\u00e4hrend der gesamten Schullaufbahn, beginnend in der f\u00fcnften Klasse mit Frau Hansen und Frau Rohde, bis hin zum Abitur mit Frau Schlecht und Ihnen.Ich habe Soziale Arbeit studiert und bin heute erfolgreich beim DRK t\u00e4tig.<\/p>\n\n\n\n<p>Ich w\u00fcnsche Ihnen alles Gute f\u00fcr die Zukunft und bleiben Sie gesund.<\/p>\n\n\n\n<p>Liebe Gr\u00fc\u00dfe an die TKG,<br>Noori Mujeeb<\/p>\n\n\n\n<hr class=\"wp-block-separator has-css-opacity\"\/>\n\n\n\n<p><strong>Oguzhan G\u00fcnd\u00fcz (Abiturjahrgang 2015)<\/strong><\/p>\n\n\n\n<figure class=\"wp-block-image size-large is-resized\"><img loading=\"lazy\" decoding=\"async\" width=\"945\" height=\"1024\" src=\"https:\/\/tkg-duisburg.de\/wp-content\/uploads\/2020\/11\/IMG-20201118-WA0000.jpg\" alt=\"\" class=\"wp-image-6051\" style=\"width:441px;height:478px\" srcset=\"https:\/\/tkg-duisburg.de\/wp-content\/uploads\/2020\/11\/IMG-20201118-WA0000.jpg 945w, https:\/\/tkg-duisburg.de\/wp-content\/uploads\/2020\/11\/IMG-20201118-WA0000-277x300.jpg 277w\" sizes=\"auto, (max-width: 945px) 100vw, 945px\" \/><\/figure>\n\n\n\n<p>Nach dem Abitur klappte es nicht gleich mit einer Ausbildung, aber Oguzhan sa\u00df nicht faul zu Hause, sondern arbeitete u.a. im Braunkohletagebau. Umso mehr freute es mich zu h\u00f6ren, dass es irgendwann mit einer Ausbildung klappte und&nbsp;\u201edass man da auch richtig gut ist\u201c.<\/p>\n\n\n\n<p>\u201eIch befinde mich im letzten Jahr meiner Ausbildung zum Elektroniker der Automationstechnik bei Mercedes Benz in D\u00fcsseldorf.\u201c<\/p>\n\n\n\n<p>Dank guter Leistungen kann Oguzhan seine Ausbildung um ein halbes Jahr verk\u00fcrzen und wir dr\u00fccken die Daumen f\u00fcr eine erfolgreiche Abschlusspr\u00fcfung im Sommer 2021.<\/p>\n\n\n\n<hr class=\"wp-block-separator has-css-opacity\"\/>\n\n\n\n<p><strong>Zakariae Karrich (Abiturjahrgang 2010)<\/strong><\/p>\n\n\n\n<figure class=\"wp-block-image size-large is-resized\"><img loading=\"lazy\" decoding=\"async\" width=\"1024\" height=\"768\" src=\"https:\/\/tkg-duisburg.de\/wp-content\/uploads\/2020\/11\/IMG_6744-1024x768.jpg\" alt=\"\" class=\"wp-image-6049\" style=\"width:595px;height:446px\" srcset=\"https:\/\/tkg-duisburg.de\/wp-content\/uploads\/2020\/11\/IMG_6744-1024x768.jpg 1024w, https:\/\/tkg-duisburg.de\/wp-content\/uploads\/2020\/11\/IMG_6744-300x225.jpg 300w, https:\/\/tkg-duisburg.de\/wp-content\/uploads\/2020\/11\/IMG_6744-1536x1152.jpg 1536w, https:\/\/tkg-duisburg.de\/wp-content\/uploads\/2020\/11\/IMG_6744-2048x1536.jpg 2048w\" sizes=\"auto, (max-width: 1024px) 100vw, 1024px\" \/><\/figure>\n\n\n\n<p>Hallo Frau Hiller-Kitzmann,<\/p>\n\n\n\n<p>ob Sie sich noch an mich erinnern? Vermutlich werden Sie einen frechen Sch\u00fcler vor Ihrem geistigen Auge haben, wenn Sie meinen Namen lesen. Zu den Lehrkr\u00e4ften habe ich dennoch ein gutes Verh\u00e4ltnis gehabt, zumindest aus meiner Sicht \ud83d\ude09<img decoding=\"async\" width=\"426.430000\" height=\"15.600000\" src=\"blob:https:\/\/tkg-duisburg.de\/713fbe0c-7002-4c5c-809f-1cd4b5980a59\" alt=\"page1image59635968\"><\/p>\n\n\n\n<p>Ich habe die TKG im Zeitraum von 2000-2010 besucht und die Zeit dort sehr genossen. In der Zeit wurde ich gut auf das Berufsleben vorbereitet. Momentan bin ich bei der Stadtverwaltung Essen t\u00e4tig und habe die Funktion des stellvertretenden Amtsleiters der Zentralen Ausl\u00e4nderbeh\u00f6rde Essen inne. Dort habe ich die Dienst- und Fachaufsicht f\u00fcr 100 Mitarbeiterinnen und Mitarbeiter.<\/p>\n\n\n\n<p>Es ist also doch noch aus mir etwas geworden \ud83d\ude09<\/p>\n\n\n\n<p>F\u00fcr die tolle Zeit m\u00f6chte ich mich bei allen Mitsch\u00fclerinnen und Mitsch\u00fclern und insbesondere bei den Lehrkr\u00e4ften bedanken.<\/p>\n\n\n\n<hr class=\"wp-block-separator has-css-opacity\"\/>\n\n\n\n<p><strong>Oguz Yildiz (Abiturjahrgang 2010)<\/strong><\/p>\n\n\n<div class=\"wp-block-image\">\n<figure class=\"aligncenter size-large\"><img loading=\"lazy\" decoding=\"async\" width=\"180\" height=\"250\" src=\"https:\/\/tkg-duisburg.de\/wp-content\/uploads\/2020\/11\/csm_Yildiz_Bild_2_21943371b5.jpg\" alt=\"\" class=\"wp-image-6046\"\/><\/figure>\n<\/div>\n\n\n<blockquote class=\"wp-block-quote is-layout-flow wp-block-quote-is-layout-flow\">\n<p>Hallo Frau Hiller-Kitzmann,<\/p>\n\n\n\n<p>lange ist es her, jedoch mit \u00fcberwiegend sch\u00f6nen Erinnerungen verbunden m\u00f6chte ich ihnen f\u00fcr die tolle Schulzeit und die starke F\u00f6rderung der Sch\u00fcler, insbesondere meiner und vieler anderer Personen bedanken.<\/p>\n\n\n\n<p>Heute habe ich einen tollen Beruf mit viel Verantwortung bei thyssenkrupp und stehe erfolgreich im Berufsleben und wundere mich, wie schnell die Zeit doch voran schreitet und blicke mit Wehmut an vergangene Tage der Schulzeit, die neben dem Lernstress ein pr\u00e4gendes als auch wunderbares Kapitel unserer Jugend dargestellt hat.<\/p>\n\n\n\n<p>Ich w\u00fcnsche Ihnen noch viele weitere erfolgreiche Jahre und beste Gesundheit.<\/p>\n\n\n\n<p>Herzlichste Gr\u00fc\u00dfe,<\/p>\n\n\n\n<p>Oguz Yildiz<\/p>\n<\/blockquote>\n\n\n\n<hr class=\"wp-block-separator has-css-opacity\"\/>\n\n\n\n<p id=\"block-7f7cbf25-26f8-466a-8ad6-4ab987464abb\"><strong>Phillipp H\u00f6cker (Abiturjahrgang 2015)<\/strong><\/p>\n\n\n\n<p id=\"block-64d864a8-46da-4e0d-bacd-ff9540a5d9ab\">Nach einigen beruflichen Umwegen hat Phillipp seine Ausbildung zum Karosserieund<\/p>\n\n\n\n<p id=\"block-085af55a-d2b7-4426-8dff-0292fa3a3708\">Fahrzeugbaumechaniker bei Mercedes in D\u00fcsseldorf abgeschlossen und das<\/p>\n\n\n\n<p id=\"block-eba93760-808c-4bbe-b4fc-b11e640acd0e\">ziemlich erfolgreich.<\/p>\n\n\n\n<figure class=\"wp-block-image\" id=\"block-91019f9a-aba5-4c5a-9448-927b9cd533e8\"><img decoding=\"async\" src=\"https:\/\/tkg-duisburg.de\/wp-content\/uploads\/2020\/11\/Portraet.jpg\" alt=\"Dieses Bild hat ein leeres Alt-Attribut. Der Dateiname ist Portraet.jpg\" width=\"NaN\" height=\"NaN\"\/><\/figure>\n\n\n\n<hr class=\"wp-block-separator has-css-opacity\"\/>\n\n\n\n<p id=\"block-a4cc01a3-5287-4a9a-b168-f0a0e2af1685\"><strong>Ersin Yazici (Abschlussjahrgang 2010)<\/strong><\/p>\n\n\n\n<p id=\"block-41c3a55d-ae9d-4734-a16f-e86f349f027f\">Ersin Yazici, ehemaliger Sch\u00fcler von Frau Schlecht und Frau Schimmel, hat<\/p>\n\n\n\n<p id=\"block-72a22fcf-de76-4f0e-9da5-46721d2a99e3\">zun\u00e4chst eine Ausbildung zum B\u00fcrokaufmann absolviert.<\/p>\n\n\n\n<p id=\"block-009138d0-5d92-4b68-8c25-b05bf557c7e9\">Heute arbeitet er als Stra\u00dfenbahnfahrer bei der DVG.<\/p>\n\n\n\n<figure class=\"wp-block-gallery has-nested-images columns-default is-cropped wp-block-gallery-1 is-layout-flex wp-block-gallery-is-layout-flex\">\n<figure class=\"wp-block-image size-large\"><img loading=\"lazy\" decoding=\"async\" width=\"652\" height=\"435\" data-id=\"6031\" src=\"https:\/\/tkg-duisburg.de\/wp-content\/uploads\/2020\/11\/IMG-20201112-WA0012.jpg\" alt=\"\" class=\"wp-image-6031\" srcset=\"https:\/\/tkg-duisburg.de\/wp-content\/uploads\/2020\/11\/IMG-20201112-WA0012.jpg 652w, https:\/\/tkg-duisburg.de\/wp-content\/uploads\/2020\/11\/IMG-20201112-WA0012-300x200.jpg 300w\" sizes=\"auto, (max-width: 652px) 100vw, 652px\" \/><\/figure>\n\n\n\n<figure class=\"wp-block-image size-large\"><img loading=\"lazy\" decoding=\"async\" width=\"1024\" height=\"1024\" data-id=\"6030\" src=\"https:\/\/tkg-duisburg.de\/wp-content\/uploads\/2020\/11\/IMG-20201112-WA0010-1024x1024.jpg\" alt=\"\" class=\"wp-image-6030\" srcset=\"https:\/\/tkg-duisburg.de\/wp-content\/uploads\/2020\/11\/IMG-20201112-WA0010-1024x1024.jpg 1024w, https:\/\/tkg-duisburg.de\/wp-content\/uploads\/2020\/11\/IMG-20201112-WA0010-300x300.jpg 300w, https:\/\/tkg-duisburg.de\/wp-content\/uploads\/2020\/11\/IMG-20201112-WA0010.jpg 1080w\" sizes=\"auto, (max-width: 1024px) 100vw, 1024px\" \/><\/figure>\n\n\n\n<figure class=\"wp-block-image size-large\"><img loading=\"lazy\" decoding=\"async\" width=\"750\" height=\"500\" data-id=\"6029\" src=\"https:\/\/tkg-duisburg.de\/wp-content\/uploads\/2020\/11\/IMG-20201112-WA0011.jpg\" alt=\"\" class=\"wp-image-6029\" srcset=\"https:\/\/tkg-duisburg.de\/wp-content\/uploads\/2020\/11\/IMG-20201112-WA0011.jpg 750w, https:\/\/tkg-duisburg.de\/wp-content\/uploads\/2020\/11\/IMG-20201112-WA0011-300x200.jpg 300w\" sizes=\"auto, (max-width: 750px) 100vw, 750px\" \/><\/figure>\n<\/figure>\n","protected":false},"excerpt":{"rendered":"<p>\u00a0Tugay Eskiler und Ferhat Kara (Abiturjahrgang 2012)\u00a0 \u00a0Liebe Frau Hiller-Kitzmann,\u00a0 \u00a0nach unserem Abitur haben wir \u2013 Tugay und ich \u2013 uns entschieden gemeinsam ein Lehramtsstudium an der Uni Bochum zu beginnen: Tugay mit der F\u00e4cherkombination Philosophie\/Geschichte und ich mit Spanisch\/Philosophie. Nach einer langen universit\u00e4ren Phase ging es f\u00fcr mich mit dem Referendariat im Seminar M\u00f6nchengladbach &hellip; <a href=\"https:\/\/tkg-duisburg.de\/?page_id=6033\" class=\"more-link\"><span class=\"screen-reader-text\">Unsere Ehemaligen<\/span> weiterlesen <span class=\"meta-nav\">&rarr;<\/span><\/a><\/p>\n","protected":false},"author":5,"featured_media":0,"parent":0,"menu_order":0,"comment_status":"closed","ping_status":"closed","template":"","meta":{"footnotes":""},"class_list":["post-6033","page","type-page","status-publish","hentry"],"yoast_head":"<!-- This site is optimized with the Yoast SEO plugin v22.6 - https:\/\/yoast.com\/wordpress\/plugins\/seo\/ -->\n<title>Unsere Ehemaligen - Theodor K\u00f6nig Gesamtschule Duisburg<\/title>\n<meta name=\"robots\" content=\"index, follow, max-snippet:-1, max-image-preview:large, max-video-preview:-1\" \/>\n<link rel=\"canonical\" href=\"https:\/\/tkg-duisburg.de\/?page_id=6033\" \/>\n<meta property=\"og:locale\" content=\"de_DE\" \/>\n<meta property=\"og:type\" content=\"article\" \/>\n<meta property=\"og:title\" content=\"Unsere Ehemaligen - Theodor K\u00f6nig Gesamtschule Duisburg\" \/>\n<meta property=\"og:description\" content=\"\u00a0Tugay Eskiler und Ferhat Kara (Abiturjahrgang 2012)\u00a0 \u00a0Liebe Frau Hiller-Kitzmann,\u00a0 \u00a0nach unserem Abitur haben wir \u2013 Tugay und ich \u2013 uns entschieden gemeinsam ein Lehramtsstudium an der Uni Bochum zu beginnen: Tugay mit der F\u00e4cherkombination Philosophie\/Geschichte und ich mit Spanisch\/Philosophie. Nach einer langen universit\u00e4ren Phase ging es f\u00fcr mich mit dem Referendariat im Seminar M\u00f6nchengladbach &hellip; Unsere Ehemaligen weiterlesen &rarr;\" \/>\n<meta property=\"og:url\" content=\"https:\/\/tkg-duisburg.de\/?page_id=6033\" \/>\n<meta property=\"og:site_name\" content=\"Theodor K\u00f6nig Gesamtschule Duisburg\" \/>\n<meta property=\"article:modified_time\" content=\"2024-05-05T08:26:53+00:00\" \/>\n<meta property=\"og:image\" content=\"https:\/\/tkg-duisburg.de\/wp-content\/uploads\/2021\/09\/aufruftkg-1.jpg\" \/>\n<meta name=\"twitter:card\" content=\"summary_large_image\" \/>\n<meta name=\"twitter:label1\" content=\"Gesch\u00e4tzte Lesezeit\" \/>\n\t<meta name=\"twitter:data1\" content=\"9\u00a0Minuten\" \/>\n<script type=\"application\/ld+json\" class=\"yoast-schema-graph\">{\"@context\":\"https:\/\/schema.org\",\"@graph\":[{\"@type\":\"WebPage\",\"@id\":\"https:\/\/tkg-duisburg.de\/?page_id=6033\",\"url\":\"https:\/\/tkg-duisburg.de\/?page_id=6033\",\"name\":\"Unsere Ehemaligen - Theodor K\u00f6nig Gesamtschule Duisburg\",\"isPartOf\":{\"@id\":\"https:\/\/tkg-duisburg.de\/#website\"},\"primaryImageOfPage\":{\"@id\":\"https:\/\/tkg-duisburg.de\/?page_id=6033#primaryimage\"},\"image\":{\"@id\":\"https:\/\/tkg-duisburg.de\/?page_id=6033#primaryimage\"},\"thumbnailUrl\":\"https:\/\/tkg-duisburg.de\/wp-content\/uploads\/2021\/09\/aufruftkg-1.jpg\",\"datePublished\":\"2020-11-15T17:25:33+00:00\",\"dateModified\":\"2024-05-05T08:26:53+00:00\",\"breadcrumb\":{\"@id\":\"https:\/\/tkg-duisburg.de\/?page_id=6033#breadcrumb\"},\"inLanguage\":\"de\",\"potentialAction\":[{\"@type\":\"ReadAction\",\"target\":[\"https:\/\/tkg-duisburg.de\/?page_id=6033\"]}]},{\"@type\":\"ImageObject\",\"inLanguage\":\"de\",\"@id\":\"https:\/\/tkg-duisburg.de\/?page_id=6033#primaryimage\",\"url\":\"https:\/\/tkg-duisburg.de\/wp-content\/uploads\/2021\/09\/aufruftkg-1.jpg\",\"contentUrl\":\"https:\/\/tkg-duisburg.de\/wp-content\/uploads\/2021\/09\/aufruftkg-1.jpg\",\"width\":1788,\"height\":2459},{\"@type\":\"BreadcrumbList\",\"@id\":\"https:\/\/tkg-duisburg.de\/?page_id=6033#breadcrumb\",\"itemListElement\":[{\"@type\":\"ListItem\",\"position\":1,\"name\":\"Startseite\",\"item\":\"https:\/\/tkg-duisburg.de\/\"},{\"@type\":\"ListItem\",\"position\":2,\"name\":\"Unsere Ehemaligen\"}]},{\"@type\":\"WebSite\",\"@id\":\"https:\/\/tkg-duisburg.de\/#website\",\"url\":\"https:\/\/tkg-duisburg.de\/\",\"name\":\"Theodor K\u00f6nig Gesamtschule Duisburg\",\"description\":\"\",\"potentialAction\":[{\"@type\":\"SearchAction\",\"target\":{\"@type\":\"EntryPoint\",\"urlTemplate\":\"https:\/\/tkg-duisburg.de\/?s={search_term_string}\"},\"query-input\":\"required name=search_term_string\"}],\"inLanguage\":\"de\"}]}<\/script>\n<!-- \/ Yoast SEO plugin. -->","yoast_head_json":{"title":"Unsere Ehemaligen - Theodor K\u00f6nig Gesamtschule Duisburg","robots":{"index":"index","follow":"follow","max-snippet":"max-snippet:-1","max-image-preview":"max-image-preview:large","max-video-preview":"max-video-preview:-1"},"canonical":"https:\/\/tkg-duisburg.de\/?page_id=6033","og_locale":"de_DE","og_type":"article","og_title":"Unsere Ehemaligen - Theodor K\u00f6nig Gesamtschule Duisburg","og_description":"\u00a0Tugay Eskiler und Ferhat Kara (Abiturjahrgang 2012)\u00a0 \u00a0Liebe Frau Hiller-Kitzmann,\u00a0 \u00a0nach unserem Abitur haben wir \u2013 Tugay und ich \u2013 uns entschieden gemeinsam ein Lehramtsstudium an der Uni Bochum zu beginnen: Tugay mit der F\u00e4cherkombination Philosophie\/Geschichte und ich mit Spanisch\/Philosophie. Nach einer langen universit\u00e4ren Phase ging es f\u00fcr mich mit dem Referendariat im Seminar M\u00f6nchengladbach &hellip; Unsere Ehemaligen weiterlesen &rarr;","og_url":"https:\/\/tkg-duisburg.de\/?page_id=6033","og_site_name":"Theodor K\u00f6nig Gesamtschule Duisburg","article_modified_time":"2024-05-05T08:26:53+00:00","og_image":[{"url":"https:\/\/tkg-duisburg.de\/wp-content\/uploads\/2021\/09\/aufruftkg-1.jpg"}],"twitter_card":"summary_large_image","twitter_misc":{"Gesch\u00e4tzte Lesezeit":"9\u00a0Minuten"},"schema":{"@context":"https:\/\/schema.org","@graph":[{"@type":"WebPage","@id":"https:\/\/tkg-duisburg.de\/?page_id=6033","url":"https:\/\/tkg-duisburg.de\/?page_id=6033","name":"Unsere Ehemaligen - Theodor K\u00f6nig Gesamtschule Duisburg","isPartOf":{"@id":"https:\/\/tkg-duisburg.de\/#website"},"primaryImageOfPage":{"@id":"https:\/\/tkg-duisburg.de\/?page_id=6033#primaryimage"},"image":{"@id":"https:\/\/tkg-duisburg.de\/?page_id=6033#primaryimage"},"thumbnailUrl":"https:\/\/tkg-duisburg.de\/wp-content\/uploads\/2021\/09\/aufruftkg-1.jpg","datePublished":"2020-11-15T17:25:33+00:00","dateModified":"2024-05-05T08:26:53+00:00","breadcrumb":{"@id":"https:\/\/tkg-duisburg.de\/?page_id=6033#breadcrumb"},"inLanguage":"de","potentialAction":[{"@type":"ReadAction","target":["https:\/\/tkg-duisburg.de\/?page_id=6033"]}]},{"@type":"ImageObject","inLanguage":"de","@id":"https:\/\/tkg-duisburg.de\/?page_id=6033#primaryimage","url":"https:\/\/tkg-duisburg.de\/wp-content\/uploads\/2021\/09\/aufruftkg-1.jpg","contentUrl":"https:\/\/tkg-duisburg.de\/wp-content\/uploads\/2021\/09\/aufruftkg-1.jpg","width":1788,"height":2459},{"@type":"BreadcrumbList","@id":"https:\/\/tkg-duisburg.de\/?page_id=6033#breadcrumb","itemListElement":[{"@type":"ListItem","position":1,"name":"Startseite","item":"https:\/\/tkg-duisburg.de\/"},{"@type":"ListItem","position":2,"name":"Unsere Ehemaligen"}]},{"@type":"WebSite","@id":"https:\/\/tkg-duisburg.de\/#website","url":"https:\/\/tkg-duisburg.de\/","name":"Theodor K\u00f6nig Gesamtschule Duisburg","description":"","potentialAction":[{"@type":"SearchAction","target":{"@type":"EntryPoint","urlTemplate":"https:\/\/tkg-duisburg.de\/?s={search_term_string}"},"query-input":"required name=search_term_string"}],"inLanguage":"de"}]}},"_links":{"self":[{"href":"https:\/\/tkg-duisburg.de\/index.php?rest_route=\/wp\/v2\/pages\/6033","targetHints":{"allow":["GET"]}}],"collection":[{"href":"https:\/\/tkg-duisburg.de\/index.php?rest_route=\/wp\/v2\/pages"}],"about":[{"href":"https:\/\/tkg-duisburg.de\/index.php?rest_route=\/wp\/v2\/types\/page"}],"author":[{"embeddable":true,"href":"https:\/\/tkg-duisburg.de\/index.php?rest_route=\/wp\/v2\/users\/5"}],"replies":[{"embeddable":true,"href":"https:\/\/tkg-duisburg.de\/index.php?rest_route=%2Fwp%2Fv2%2Fcomments&post=6033"}],"version-history":[{"count":22,"href":"https:\/\/tkg-duisburg.de\/index.php?rest_route=\/wp\/v2\/pages\/6033\/revisions"}],"predecessor-version":[{"id":8293,"href":"https:\/\/tkg-duisburg.de\/index.php?rest_route=\/wp\/v2\/pages\/6033\/revisions\/8293"}],"wp:attachment":[{"href":"https:\/\/tkg-duisburg.de\/index.php?rest_route=%2Fwp%2Fv2%2Fmedia&parent=6033"}],"curies":[{"name":"wp","href":"https:\/\/api.w.org\/{rel}","templated":true}]}}