{"id":7838,"date":"2023-07-22T17:50:38","date_gmt":"2023-07-22T15:50:38","guid":{"rendered":"https:\/\/tkg-duisburg.de\/?page_id=7838"},"modified":"2023-07-22T17:50:39","modified_gmt":"2023-07-22T15:50:39","slug":"lernstunden","status":"publish","type":"page","link":"https:\/\/tkg-duisburg.de\/?page_id=7838","title":{"rendered":"Lernstunden"},"content":{"rendered":"\n<p>\u2026 f\u00fcr die \u00dcbernahme von mehr Verantwortung f\u00fcr den eigenen Lernprozess&nbsp;<\/p>\n\n\n\n<p>\u2026f\u00fcr mehr Motivation der Sch\u00fclerinnen und Sch\u00fcler durch individuelles Arbeiten<\/p>\n\n\n\n<p><\/p>\n\n\n\n<p><strong>Unterrichtsorganisation<\/strong><\/p>\n\n\n\n<ul class=\"wp-block-list\"><li>4 fachgebundene Lernstunden in D (2 Stunden),M + E (jeweils 1 Stunde)<\/li><li>diese Stunden werden vom Fachlehrer erteilt<\/li><li>Stunden sind im Stundenplan ausgewiesen\u00a0<\/li><li>liegen innerhalb der Jahrgangstufe parallel<\/li><li>sie\u00a0 sollen in allen Jahrg\u00e4ngen der Sek I eingef\u00fchrt werden ab 2021\/22<\/li><\/ul>\n\n\n\n<p><strong>Verlauf einer Stunde<\/strong><\/p>\n\n\n\n<figure class=\"wp-block-image size-large\"><img loading=\"lazy\" decoding=\"async\" width=\"1024\" height=\"700\" src=\"https:\/\/tkg-duisburg.de\/wp-content\/uploads\/2023\/07\/image-6-1024x700.png\" alt=\"\" class=\"wp-image-7840\" srcset=\"https:\/\/tkg-duisburg.de\/wp-content\/uploads\/2023\/07\/image-6-1024x700.png 1024w, https:\/\/tkg-duisburg.de\/wp-content\/uploads\/2023\/07\/image-6-300x205.png 300w, https:\/\/tkg-duisburg.de\/wp-content\/uploads\/2023\/07\/image-6-1536x1049.png 1536w, https:\/\/tkg-duisburg.de\/wp-content\/uploads\/2023\/07\/image-6.png 1941w\" sizes=\"auto, (max-width: 1024px) 100vw, 1024px\" \/><\/figure>\n\n\n\n<figure class=\"wp-block-image size-large\"><img loading=\"lazy\" decoding=\"async\" width=\"1024\" height=\"938\" src=\"https:\/\/tkg-duisburg.de\/wp-content\/uploads\/2023\/07\/image-7-1024x938.png\" alt=\"\" class=\"wp-image-7841\" srcset=\"https:\/\/tkg-duisburg.de\/wp-content\/uploads\/2023\/07\/image-7-1024x938.png 1024w, https:\/\/tkg-duisburg.de\/wp-content\/uploads\/2023\/07\/image-7-300x275.png 300w, https:\/\/tkg-duisburg.de\/wp-content\/uploads\/2023\/07\/image-7.png 1468w\" sizes=\"auto, (max-width: 1024px) 100vw, 1024px\" \/><\/figure>\n\n\n\n<p><strong>Dokumentation des Arbeitsprozesses<\/strong><\/p>\n\n\n\n<p>_-> schafft Transparenz \u00fcber:<\/p>\n\n\n\n<ul class=\"wp-block-list\"><li>Arbeitspl\u00e4ne<\/li><li>Arbeitsweise<\/li><li>Arbeitsergebnisse<\/li><li>Sozialverhalten<\/li><li>Beratungsgespr\u00e4che<\/li><\/ul>\n\n\n\n<p>&#8211;> schafft eine Verbindung zwischen Eltern und Schule<\/p>\n\n\n\n<p><strong>Materialangebot<\/strong><\/p>\n\n\n\n<ul class=\"wp-block-list\"><li>Vielfalt an Aufgabenformaten: fachbezogen, vertiefend, digital, haptisch, projektartig aus unterschiedlichen Quellen und Plattformen, QR-Codes f\u00fcr Lehrfilme<\/li><li>Lernangebote auf zwei Niveaus<\/li><li>Auswahl der Materialien\u00a0 gebunden an Unterrichtsvorhaben<\/li><li>Die jeweiligen Fachschaften erarbeiten das Material<\/li><li>Diese Lernbausteine werden gesammelt digital und analog<\/li><li>Verwaltung und Organisation durch eine Lehrkraft pro Fach<\/li><li>R\u00fcckmeldesystem \u00fcber Erg\u00e4nzungen und Verbesserungen<\/li><\/ul>\n\n\n\n<figure class=\"wp-block-image size-large\"><img loading=\"lazy\" decoding=\"async\" width=\"1024\" height=\"601\" src=\"https:\/\/tkg-duisburg.de\/wp-content\/uploads\/2023\/07\/image-9-edited-e1690040757236-1024x601.png\" alt=\"\" class=\"wp-image-7844\" srcset=\"https:\/\/tkg-duisburg.de\/wp-content\/uploads\/2023\/07\/image-9-edited-e1690040757236-1024x601.png 1024w, https:\/\/tkg-duisburg.de\/wp-content\/uploads\/2023\/07\/image-9-edited-e1690040757236-300x176.png 300w, https:\/\/tkg-duisburg.de\/wp-content\/uploads\/2023\/07\/image-9-edited-e1690040757236-1536x901.png 1536w, https:\/\/tkg-duisburg.de\/wp-content\/uploads\/2023\/07\/image-9-edited-e1690040757236-2048x1201.png 2048w\" sizes=\"auto, (max-width: 1024px) 100vw, 1024px\" \/><\/figure>\n\n\n\n<figure class=\"wp-block-gallery alignleft has-nested-images columns-default is-cropped wp-block-gallery-1 is-layout-flex wp-block-gallery-is-layout-flex\">\n<figure class=\"wp-block-image size-full\"><img loading=\"lazy\" decoding=\"async\" width=\"1125\" height=\"1311\" data-id=\"7847\" src=\"https:\/\/tkg-duisburg.de\/wp-content\/uploads\/2023\/07\/image-12.png\" alt=\"\" class=\"wp-image-7847\" srcset=\"https:\/\/tkg-duisburg.de\/wp-content\/uploads\/2023\/07\/image-12.png 1125w, https:\/\/tkg-duisburg.de\/wp-content\/uploads\/2023\/07\/image-12-257x300.png 257w, https:\/\/tkg-duisburg.de\/wp-content\/uploads\/2023\/07\/image-12-879x1024.png 879w\" sizes=\"auto, (max-width: 1125px) 100vw, 1125px\" \/><\/figure>\n\n\n\n<figure class=\"wp-block-image size-full\"><img loading=\"lazy\" decoding=\"async\" width=\"581\" height=\"842\" data-id=\"7846\" src=\"https:\/\/tkg-duisburg.de\/wp-content\/uploads\/2023\/07\/image-11.png\" alt=\"\" class=\"wp-image-7846\" srcset=\"https:\/\/tkg-duisburg.de\/wp-content\/uploads\/2023\/07\/image-11.png 581w, https:\/\/tkg-duisburg.de\/wp-content\/uploads\/2023\/07\/image-11-207x300.png 207w\" sizes=\"auto, (max-width: 581px) 100vw, 581px\" \/><\/figure>\n\n\n\n<figure class=\"wp-block-image size-full\"><img loading=\"lazy\" decoding=\"async\" width=\"716\" height=\"946\" data-id=\"7845\" src=\"https:\/\/tkg-duisburg.de\/wp-content\/uploads\/2023\/07\/image-10.png\" alt=\"\" class=\"wp-image-7845\" srcset=\"https:\/\/tkg-duisburg.de\/wp-content\/uploads\/2023\/07\/image-10.png 716w, https:\/\/tkg-duisburg.de\/wp-content\/uploads\/2023\/07\/image-10-227x300.png 227w\" sizes=\"auto, (max-width: 716px) 100vw, 716px\" \/><\/figure>\n<\/figure>\n\n\n\n<p><\/p>\n\n\n\n<p><\/p>\n\n\n\n<p><\/p>\n\n\n\n<p><\/p>\n\n\n\n<p><strong>Raumgestaltung<\/strong><\/p>\n\n\n\n<ul class=\"wp-block-list\"><li>Regal mit Lernzeitordnern<\/li><li>Plakat oder Active Board zur Anzeige der Lernphasen<\/li><li>Lernmaterial verf\u00fcgbar in jedem Raum<\/li><li>Schaffen von Lerngelegenheiten\u00a0 f\u00fcr individuelles Lernen in Kleingruppen\u00a0 im Differenzierungsraum, Flur, Computerraum, Freizeitbereich usw.\/ ggf. Beaufsichtigung durch \u201east\u201c<\/li><\/ul>\n\n\n\n<figure class=\"wp-block-image size-large\"><img loading=\"lazy\" decoding=\"async\" width=\"1024\" height=\"115\" src=\"https:\/\/tkg-duisburg.de\/wp-content\/uploads\/2023\/07\/image-13-1024x115.png\" alt=\"\" class=\"wp-image-7848\" srcset=\"https:\/\/tkg-duisburg.de\/wp-content\/uploads\/2023\/07\/image-13-1024x115.png 1024w, https:\/\/tkg-duisburg.de\/wp-content\/uploads\/2023\/07\/image-13-300x34.png 300w, https:\/\/tkg-duisburg.de\/wp-content\/uploads\/2023\/07\/image-13-1536x172.png 1536w, https:\/\/tkg-duisburg.de\/wp-content\/uploads\/2023\/07\/image-13.png 1678w\" sizes=\"auto, (max-width: 1024px) 100vw, 1024px\" \/><\/figure>\n\n\n\n<p><strong>Rolle der LehrerIn<\/strong><\/p>\n\n\n\n<ul class=\"wp-block-list\"><li>Lehrkraft als KoordinatorIn, RatgeberIn und BeobachterIn &nbsp;<\/li><li>unterst\u00fctzt individuelle Entwicklungsziele und Lernwege<\/li><li>st\u00e4rkt die Eigenverantwortlichkeit<\/li><li>sorgt f\u00fcr eine geeignete Arbeitsatmosph\u00e4re<\/li><li>\u00fcbt klare Rituale ein zur Anforderung von Unterst\u00fctzung<\/li><li>bem\u00fcht sich um konsequentes Einhalten von Verhaltensregeln<\/li><li>gibt Gelegenheit f\u00fcr die Selbstreflexion im Plenum&nbsp;<\/li><li>gibt den Sch\u00fclerInnen ein regelm\u00e4\u00dfiges Feedback \u00fcber den Lernprozessbogen und&nbsp; in Gespr\u00e4chen hinsichtlich Sorgfalt, Richtigkeit, Sozialverhalten und Arbeitshaltung. Die R\u00fcckmeldungen haben eher beratende Funktion mit Konsequenzen f\u00fcr die Weiterarbeit.<\/li><\/ul>\n\n\n\n<p><strong>Lehrerfeedback<\/strong><\/p>\n\n\n\n<figure class=\"wp-block-image size-large\"><img loading=\"lazy\" decoding=\"async\" width=\"856\" height=\"1024\" src=\"https:\/\/tkg-duisburg.de\/wp-content\/uploads\/2023\/07\/image-14-856x1024.png\" alt=\"\" class=\"wp-image-7849\" srcset=\"https:\/\/tkg-duisburg.de\/wp-content\/uploads\/2023\/07\/image-14-856x1024.png 856w, https:\/\/tkg-duisburg.de\/wp-content\/uploads\/2023\/07\/image-14-251x300.png 251w, https:\/\/tkg-duisburg.de\/wp-content\/uploads\/2023\/07\/image-14-1283x1536.png 1283w, https:\/\/tkg-duisburg.de\/wp-content\/uploads\/2023\/07\/image-14.png 1711w\" sizes=\"auto, (max-width: 856px) 100vw, 856px\" \/><\/figure>\n\n\n\n<p><strong>Weitere Schritte<\/strong><\/p>\n\n\n\n<ul class=\"wp-block-list\"><li>Einrichten von SchiLf-Tagen zur Erstellung der Materialien in den Fachschaften noch in diesem Schuljahr f\u00fcr die erste Unterrichtseinheit im neuen Schuljahr \u2013 weitere folgen im neuen Schuljahr<\/li><li>Wiederaufnahme des Vorschlages zur Einf\u00fchrung von FachlehrerInnenkonferenzen in den Jahrg\u00e4ngen\/ auch der Kollegialen Fachberatungen<\/li><li>Aufbau eines \u201eHelfersystems\u201c ggf. mit Unterst\u00fctzung durch Frau Professor Beutel<\/li><li>M\u00f6gliche f\u00e4cher\u00fcbergreifende Ausweitung von Lernstunden\u00a0<\/li><li>St\u00e4rkere Einbindung von KlassenlehrerInnen organisatorisch und methodisch zur Begleitung der Sch\u00fclerInnenbiograhien<\/li><li>Erprobung und Evaluation im zweiten Schulhalbjahr 21\/22<\/li><\/ul>\n\n\n\n<p><\/p>\n\n\n\n<figure class=\"wp-block-image size-large\"><img loading=\"lazy\" decoding=\"async\" width=\"1024\" height=\"602\" src=\"https:\/\/tkg-duisburg.de\/wp-content\/uploads\/2023\/07\/image-15-1024x602.png\" alt=\"\" class=\"wp-image-7850\" srcset=\"https:\/\/tkg-duisburg.de\/wp-content\/uploads\/2023\/07\/image-15-1024x602.png 1024w, https:\/\/tkg-duisburg.de\/wp-content\/uploads\/2023\/07\/image-15-300x176.png 300w, https:\/\/tkg-duisburg.de\/wp-content\/uploads\/2023\/07\/image-15-1536x904.png 1536w, https:\/\/tkg-duisburg.de\/wp-content\/uploads\/2023\/07\/image-15.png 1802w\" sizes=\"auto, (max-width: 1024px) 100vw, 1024px\" \/><\/figure>\n","protected":false},"excerpt":{"rendered":"<p>\u2026 f\u00fcr die \u00dcbernahme von mehr Verantwortung f\u00fcr den eigenen Lernprozess&nbsp; \u2026f\u00fcr mehr Motivation der Sch\u00fclerinnen und Sch\u00fcler durch individuelles Arbeiten Unterrichtsorganisation 4 fachgebundene Lernstunden in D (2 Stunden),M + E (jeweils 1 Stunde) diese Stunden werden vom Fachlehrer erteilt Stunden sind im Stundenplan ausgewiesen\u00a0 liegen innerhalb der Jahrgangstufe parallel sie\u00a0 sollen in allen Jahrg\u00e4ngen &hellip; <a href=\"https:\/\/tkg-duisburg.de\/?page_id=7838\" class=\"more-link\"><span class=\"screen-reader-text\">Lernstunden<\/span> weiterlesen <span class=\"meta-nav\">&rarr;<\/span><\/a><\/p>\n","protected":false},"author":5,"featured_media":0,"parent":0,"menu_order":0,"comment_status":"closed","ping_status":"closed","template":"","meta":{"footnotes":""},"class_list":["post-7838","page","type-page","status-publish","hentry"],"yoast_head":"<!-- This site is optimized with the Yoast SEO plugin v22.6 - https:\/\/yoast.com\/wordpress\/plugins\/seo\/ -->\n<title>Lernstunden - Theodor K\u00f6nig Gesamtschule Duisburg<\/title>\n<meta name=\"robots\" content=\"index, follow, max-snippet:-1, max-image-preview:large, max-video-preview:-1\" \/>\n<link rel=\"canonical\" href=\"https:\/\/tkg-duisburg.de\/?page_id=7838\" \/>\n<meta property=\"og:locale\" content=\"de_DE\" \/>\n<meta property=\"og:type\" content=\"article\" \/>\n<meta property=\"og:title\" content=\"Lernstunden - Theodor K\u00f6nig Gesamtschule Duisburg\" \/>\n<meta property=\"og:description\" content=\"\u2026 f\u00fcr die \u00dcbernahme von mehr Verantwortung f\u00fcr den eigenen Lernprozess&nbsp; \u2026f\u00fcr mehr Motivation der Sch\u00fclerinnen und Sch\u00fcler durch individuelles Arbeiten Unterrichtsorganisation 4 fachgebundene Lernstunden in D (2 Stunden),M + E (jeweils 1 Stunde) diese Stunden werden vom Fachlehrer erteilt Stunden sind im Stundenplan ausgewiesen\u00a0 liegen innerhalb der Jahrgangstufe parallel sie\u00a0 sollen in allen Jahrg\u00e4ngen &hellip; Lernstunden weiterlesen &rarr;\" \/>\n<meta property=\"og:url\" content=\"https:\/\/tkg-duisburg.de\/?page_id=7838\" \/>\n<meta property=\"og:site_name\" content=\"Theodor K\u00f6nig Gesamtschule Duisburg\" \/>\n<meta property=\"article:modified_time\" content=\"2023-07-22T15:50:39+00:00\" \/>\n<meta property=\"og:image\" content=\"https:\/\/tkg-duisburg.de\/wp-content\/uploads\/2023\/07\/image-6-1024x700.png\" \/>\n<meta name=\"twitter:card\" content=\"summary_large_image\" \/>\n<meta name=\"twitter:label1\" content=\"Gesch\u00e4tzte Lesezeit\" \/>\n\t<meta name=\"twitter:data1\" content=\"2\u00a0Minuten\" \/>\n<script type=\"application\/ld+json\" class=\"yoast-schema-graph\">{\"@context\":\"https:\/\/schema.org\",\"@graph\":[{\"@type\":\"WebPage\",\"@id\":\"https:\/\/tkg-duisburg.de\/?page_id=7838\",\"url\":\"https:\/\/tkg-duisburg.de\/?page_id=7838\",\"name\":\"Lernstunden - Theodor K\u00f6nig Gesamtschule Duisburg\",\"isPartOf\":{\"@id\":\"https:\/\/tkg-duisburg.de\/#website\"},\"primaryImageOfPage\":{\"@id\":\"https:\/\/tkg-duisburg.de\/?page_id=7838#primaryimage\"},\"image\":{\"@id\":\"https:\/\/tkg-duisburg.de\/?page_id=7838#primaryimage\"},\"thumbnailUrl\":\"https:\/\/tkg-duisburg.de\/wp-content\/uploads\/2023\/07\/image-6-1024x700.png\",\"datePublished\":\"2023-07-22T15:50:38+00:00\",\"dateModified\":\"2023-07-22T15:50:39+00:00\",\"breadcrumb\":{\"@id\":\"https:\/\/tkg-duisburg.de\/?page_id=7838#breadcrumb\"},\"inLanguage\":\"de\",\"potentialAction\":[{\"@type\":\"ReadAction\",\"target\":[\"https:\/\/tkg-duisburg.de\/?page_id=7838\"]}]},{\"@type\":\"ImageObject\",\"inLanguage\":\"de\",\"@id\":\"https:\/\/tkg-duisburg.de\/?page_id=7838#primaryimage\",\"url\":\"https:\/\/tkg-duisburg.de\/wp-content\/uploads\/2023\/07\/image-6.png\",\"contentUrl\":\"https:\/\/tkg-duisburg.de\/wp-content\/uploads\/2023\/07\/image-6.png\",\"width\":1941,\"height\":1326},{\"@type\":\"BreadcrumbList\",\"@id\":\"https:\/\/tkg-duisburg.de\/?page_id=7838#breadcrumb\",\"itemListElement\":[{\"@type\":\"ListItem\",\"position\":1,\"name\":\"Startseite\",\"item\":\"https:\/\/tkg-duisburg.de\/\"},{\"@type\":\"ListItem\",\"position\":2,\"name\":\"Lernstunden\"}]},{\"@type\":\"WebSite\",\"@id\":\"https:\/\/tkg-duisburg.de\/#website\",\"url\":\"https:\/\/tkg-duisburg.de\/\",\"name\":\"Theodor K\u00f6nig Gesamtschule Duisburg\",\"description\":\"\",\"potentialAction\":[{\"@type\":\"SearchAction\",\"target\":{\"@type\":\"EntryPoint\",\"urlTemplate\":\"https:\/\/tkg-duisburg.de\/?s={search_term_string}\"},\"query-input\":\"required name=search_term_string\"}],\"inLanguage\":\"de\"}]}<\/script>\n<!-- \/ Yoast SEO plugin. -->","yoast_head_json":{"title":"Lernstunden - Theodor K\u00f6nig Gesamtschule Duisburg","robots":{"index":"index","follow":"follow","max-snippet":"max-snippet:-1","max-image-preview":"max-image-preview:large","max-video-preview":"max-video-preview:-1"},"canonical":"https:\/\/tkg-duisburg.de\/?page_id=7838","og_locale":"de_DE","og_type":"article","og_title":"Lernstunden - Theodor K\u00f6nig Gesamtschule Duisburg","og_description":"\u2026 f\u00fcr die \u00dcbernahme von mehr Verantwortung f\u00fcr den eigenen Lernprozess&nbsp; \u2026f\u00fcr mehr Motivation der Sch\u00fclerinnen und Sch\u00fcler durch individuelles Arbeiten Unterrichtsorganisation 4 fachgebundene Lernstunden in D (2 Stunden),M + E (jeweils 1 Stunde) diese Stunden werden vom Fachlehrer erteilt Stunden sind im Stundenplan ausgewiesen\u00a0 liegen innerhalb der Jahrgangstufe parallel sie\u00a0 sollen in allen Jahrg\u00e4ngen &hellip; Lernstunden weiterlesen &rarr;","og_url":"https:\/\/tkg-duisburg.de\/?page_id=7838","og_site_name":"Theodor K\u00f6nig Gesamtschule Duisburg","article_modified_time":"2023-07-22T15:50:39+00:00","og_image":[{"url":"https:\/\/tkg-duisburg.de\/wp-content\/uploads\/2023\/07\/image-6-1024x700.png"}],"twitter_card":"summary_large_image","twitter_misc":{"Gesch\u00e4tzte Lesezeit":"2\u00a0Minuten"},"schema":{"@context":"https:\/\/schema.org","@graph":[{"@type":"WebPage","@id":"https:\/\/tkg-duisburg.de\/?page_id=7838","url":"https:\/\/tkg-duisburg.de\/?page_id=7838","name":"Lernstunden - Theodor K\u00f6nig Gesamtschule Duisburg","isPartOf":{"@id":"https:\/\/tkg-duisburg.de\/#website"},"primaryImageOfPage":{"@id":"https:\/\/tkg-duisburg.de\/?page_id=7838#primaryimage"},"image":{"@id":"https:\/\/tkg-duisburg.de\/?page_id=7838#primaryimage"},"thumbnailUrl":"https:\/\/tkg-duisburg.de\/wp-content\/uploads\/2023\/07\/image-6-1024x700.png","datePublished":"2023-07-22T15:50:38+00:00","dateModified":"2023-07-22T15:50:39+00:00","breadcrumb":{"@id":"https:\/\/tkg-duisburg.de\/?page_id=7838#breadcrumb"},"inLanguage":"de","potentialAction":[{"@type":"ReadAction","target":["https:\/\/tkg-duisburg.de\/?page_id=7838"]}]},{"@type":"ImageObject","inLanguage":"de","@id":"https:\/\/tkg-duisburg.de\/?page_id=7838#primaryimage","url":"https:\/\/tkg-duisburg.de\/wp-content\/uploads\/2023\/07\/image-6.png","contentUrl":"https:\/\/tkg-duisburg.de\/wp-content\/uploads\/2023\/07\/image-6.png","width":1941,"height":1326},{"@type":"BreadcrumbList","@id":"https:\/\/tkg-duisburg.de\/?page_id=7838#breadcrumb","itemListElement":[{"@type":"ListItem","position":1,"name":"Startseite","item":"https:\/\/tkg-duisburg.de\/"},{"@type":"ListItem","position":2,"name":"Lernstunden"}]},{"@type":"WebSite","@id":"https:\/\/tkg-duisburg.de\/#website","url":"https:\/\/tkg-duisburg.de\/","name":"Theodor K\u00f6nig Gesamtschule Duisburg","description":"","potentialAction":[{"@type":"SearchAction","target":{"@type":"EntryPoint","urlTemplate":"https:\/\/tkg-duisburg.de\/?s={search_term_string}"},"query-input":"required name=search_term_string"}],"inLanguage":"de"}]}},"_links":{"self":[{"href":"https:\/\/tkg-duisburg.de\/index.php?rest_route=\/wp\/v2\/pages\/7838","targetHints":{"allow":["GET"]}}],"collection":[{"href":"https:\/\/tkg-duisburg.de\/index.php?rest_route=\/wp\/v2\/pages"}],"about":[{"href":"https:\/\/tkg-duisburg.de\/index.php?rest_route=\/wp\/v2\/types\/page"}],"author":[{"embeddable":true,"href":"https:\/\/tkg-duisburg.de\/index.php?rest_route=\/wp\/v2\/users\/5"}],"replies":[{"embeddable":true,"href":"https:\/\/tkg-duisburg.de\/index.php?rest_route=%2Fwp%2Fv2%2Fcomments&post=7838"}],"version-history":[{"count":1,"href":"https:\/\/tkg-duisburg.de\/index.php?rest_route=\/wp\/v2\/pages\/7838\/revisions"}],"predecessor-version":[{"id":7852,"href":"https:\/\/tkg-duisburg.de\/index.php?rest_route=\/wp\/v2\/pages\/7838\/revisions\/7852"}],"wp:attachment":[{"href":"https:\/\/tkg-duisburg.de\/index.php?rest_route=%2Fwp%2Fv2%2Fmedia&parent=7838"}],"curies":[{"name":"wp","href":"https:\/\/api.w.org\/{rel}","templated":true}]}}